{"id":371,"date":"2018-03-09T16:02:42","date_gmt":"2018-03-09T16:02:42","guid":{"rendered":"http:\/\/www.accademiadeglizucconi.com\/?page_id=371"},"modified":"2025-11-10T18:49:48","modified_gmt":"2025-11-10T17:49:48","slug":"presentazione-2","status":"publish","type":"page","link":"https:\/\/www.accademiadeglizucconi.com\/","title":{"rendered":"HOME"},"content":{"rendered":"<p style=\"text-align: center;\"><span style=\"color: #000000;\"><em><span style=\"font-family: verdana, geneva, sans-serif;\">Un cognome.<\/span><\/em><\/span><\/p>\n<p style=\"text-align: justify;\"><span style=\"font-family: verdana, geneva, sans-serif; color: #000000;\">Da dove viene questo pezzo di storia che ci portiamo dietro quasi senza accorgercene?<\/span><\/p>\n<p style=\"text-align: justify;\"><span style=\"font-family: verdana, geneva, sans-serif; color: #000000;\"><strong>Zucconi<\/strong> \u00e8 una parola semplice, italiana e comprensibile a tutti senza alcuno sforzo.<\/span><\/p>\n<p style=\"text-align: justify;\"><span style=\"font-family: verdana, geneva, sans-serif; color: #000000;\">E\u2019 composta da una radice linguistica che rimanda all\u2019ortaggio autunnale che tutti ben conosciamo, nei risotti, nel pane ed in tante altre ricette molto legate alla cucina povera e contadina: la <strong>zucca<\/strong>.<\/span><\/p>\n<p style=\"text-align: justify;\"><span style=\"font-family: verdana, geneva, sans-serif; color: #000000;\">Ha il suffisso&nbsp;&#8211;<strong>oni<\/strong>&nbsp;che indica la dimensione fisica dell\u2019oggetto in questione: una grande zucca, una zuccona.<\/span><\/p>\n<p style=\"text-align: justify;\"><span style=\"font-family: verdana, geneva, sans-serif; color: #000000;\">Ma questa semplice parola, come spesso accade alle parole semplici, pu\u00f2 essere usata anche per indicare qualcos\u2019altro, soprattutto se declinata al maschile: <strong>zuccone<\/strong>.<\/span><\/p>\n<p style=\"text-align: justify;\"><span style=\"font-family: verdana, geneva, sans-serif; color: #000000;\">Quante volte ce lo siamo sentito rivolgere questo epiteto: \u201cSei uno zuccone! Ecco cosa sei!\u201d? Io molte, e nel mio caso ha sempre avuto un ch\u00e9 di speciale, perch\u00e9 sembrava che venisse a confermare il possesso di qualcosa che gi\u00e0 mi apparteneva: rimbombava quasi nel vuoto della mia zucca e lo riempiva di nuovi significati.<\/span><\/p>\n<p style=\"text-align: justify;\"><span style=\"font-family: verdana, geneva, sans-serif; color: #000000;\">Quando ero bambino poi,&nbsp;se per caso esso veniva rivolto a qualcun altro nelle mie vicinanze, sortiva sempre l\u2019effetto di procurarmi scuse che assolutamente io non volevo: \u201cSiete degli zucconi! Ecco cosa siete!\u2026scusami, non tu, Stefano, eh?\u201d si affrettava subito a dirmi la maestra Pasqualina Castagna, ed io mi sentivo defraudato del mio possesso.<\/span><\/p>\n<p style=\"text-align: justify;\"><span style=\"font-family: verdana, geneva, sans-serif; color: #000000;\">Zuccone, testa dura di comprendonio, testa vuota come una zucca secca dentro cui risuonano sordi i semi liberati dalla polpa, \u201cignorante\u201d come probabilmente son sempre stati coloro che nei secoli l\u2019hanno coltivata, a quella ignoranza costretti da problemi pi\u00f9 pressanti della conoscenza etimologica di una parola. Zucca vuota, senza sale e, per di pi\u00f9, grande.<\/span><\/p>\n<p style=\"text-align: justify;\"><span style=\"font-family: verdana, geneva, sans-serif; color: #000000;\">E\u2019 vero: nel corso dei secoli sono diventati cognomi epiteti ben peggiori di questo, cognomi pi\u00f9 <a target=\"_blank\" rel=\"nofollow\" href=\"http:\/\/www.accademiadeglizucconi.com\/?goto=https%3A%2F%2Fwww.cognomix.it%2Fche-cognome-orribile.php\"  target=\"_blank\" rel=\"noopener\"><span style=\"color: #0000ff;\"><strong>buffi e derisori<\/strong><\/span><\/a>, per non parlare dei nomi che a volte sono anche peggio. Ognuno di noi ne ha sentiti in vita sua molti e da quando c\u2019\u00e8 internet si possono trovare siti che li raccolgono in liste lunghissime, per la gioia di chi vuole ridere con poco \u2026 eppure \u2026 \u201czuccone\u201d \u00e8 un <a target=\"_blank\" rel=\"nofollow\" href=\"http:\/\/www.accademiadeglizucconi.com\/?goto=https%3A%2F%2Fwww.parolacce.org%2F2015%2F06%2F05%2Fcognomi-italiani-volgari%2F\"  target=\"_blank\" rel=\"noopener\"><span style=\"color: #0000ff;\"><strong>insulto<\/strong><\/span><\/a>, non \u00e8 solo buffo, non \u00e8 solo derisorio, \u00e8 un tentativo di offendere colui al quale viene rivolto: persona della quale si pensa che sia sciocca, ignorante o che, siccome non vuol convincersi di aver torto, \u00e8 testarda e caparbia, ma volendo indicarne l\u2019ottusit\u00e0 mentale. Lo dice il vocabolario.<\/span><\/p>\n<p style=\"text-align: justify;\"><span style=\"font-family: verdana, geneva, sans-serif; color: #000000;\">Non sto scrivendo queste cose per giustificare un qualche trauma infantile. Col mio cognome ci sono cresciuto, mi ci sono abituato, ho imparato a difenderlo da facili battute dei compagni di scuola, grazie al valore di chi lo ha portato con dignit\u00e0 prima di me sono giunto ad amarlo, fino ad esserne fanciullescamente fiero.<\/span><\/p>\n<p style=\"text-align: justify;\"><span style=\"font-family: verdana, geneva, sans-serif; color: #000000;\">Oggi in Italia \u00e8 difficile cambiare il proprio cognome, bisogna rivolgersi all\u2019anagrafe, seguire una trafila burocratica pi\u00f9 o meno lunga e le motivazioni per cui si inoltra la richiesta devono avere carattere di eccezionalit\u00e0, la decisione spetta al Prefetto e l\u2019atto va notificato al Ministero dell\u2019Interno.<\/span><\/p>\n<p style=\"text-align: justify;\"><span style=\"font-family: verdana, geneva, sans-serif; color: #000000;\">Vi \u00e8 stato un tempo per\u00f2 in cui i cognomi non esistevano, non vi era alcun ufficio dell\u2019anagrafe e le persone venivano chiamate col nome imposto dal prete durante il battesimo cattolico, in certi casi col nome del padre affiancato al proprio e comunque sempre con un soprannome che veniva loro appioppato dalla comunit\u00e0 entro la quale passavano la maggior parte della propria vita.<\/span><\/p>\n<p style=\"text-align: justify;\"><span style=\"font-family: verdana, geneva, sans-serif; color: #000000;\">Pian piano tra il 1200 ed il 1300, per varie ragioni, un secondo nome comincia a fissarsi sugli individui insieme al nome di battesimo, anche tra i meno abbienti: il patronimico, la localit\u00e0 di provenienza, le caratteristiche fisiche, caratteriali o professionali che hanno fatto scaturire soprannomi pi\u00f9 o meno fantasiosi diventano cos\u00ec cognomi da trasmettere alle future generazioni.<\/span><\/p>\n<p style=\"text-align: justify;\"><span style=\"font-family: verdana, geneva, sans-serif; color: #000000;\">Fu quello il tempo in cui qualcuno decise che Zucconi come cognome andava bene, era quello il tempo in cui ancora sarebbe stato possibile e facile <a target=\"_blank\" rel=\"nofollow\" href=\"http:\/\/www.accademiadeglizucconi.com\/?goto=https%3A%2F%2Fwww.academia.edu%2F13777918%2FRinominarsi_nellOttocento_e_nel_Novecento\"  target=\"_blank\" rel=\"noopener\"><span style=\"color: #0000ff;\"><strong>cambiarlo<\/strong><\/span><\/a> del tutto o anche solo attenuarne la componente <a target=\"_blank\" rel=\"nofollow\" href=\"http:\/\/www.accademiadeglizucconi.com\/?goto=http%3A%2F%2Fwww.acli.ch%2FILDialogo%2Fdialogo_2009_3%2Fp13.pdf\"  target=\"_blank\" rel=\"noopener\"><span style=\"color: #0000ff;\"><strong>ingiuriosa<\/strong><\/span><\/a> con una piccola modifica, ma ci\u00f2 non avvenne.<\/span><\/p>\n<p style=\"text-align: center;\"><span style=\"font-family: verdana, geneva, sans-serif; color: #000000;\"><strong>Perch\u00e9?<\/strong><\/span><\/p>\n<p style=\"text-align: justify;\"><span style=\"font-family: verdana, geneva, sans-serif; color: #000000;\">Forse perch\u00e9 in quei tempi remoti la parola \u201czuccone\u201d voleva dire qualcos\u2019altro di per nulla ingiurioso come invece lo \u00e8 diventato poi?<\/span><\/p>\n<p style=\"text-align: justify;\"><span style=\"font-family: verdana, geneva, sans-serif; color: #000000;\">Forse perch\u00e9 quell\u2019epiteto venne accettato per contrasto da chi non era affatto uno zuccone o per sfidarsi a non esserlo?<\/span><\/p>\n<p style=\"text-align: justify;\"><span style=\"font-family: verdana, geneva, sans-serif; color: #000000;\">Forse perch\u00e9 quel nome era legato a qualche luogo, impresa, lavoro o memoria?<\/span><\/p>\n<p style=\"text-align: justify;\"><span style=\"font-family: verdana, geneva, sans-serif; color: #000000;\">Da qui prendono le mosse la mia riflessione, la mia ipotesi, un gioco intellettuale ed un modo di raccontare e di raccontarmi a chi avr\u00e0 la benevolenza di leggermi e di fare questa storia anche un po\u2019 sua.<\/span><\/p>\n<p style=\"text-align: justify;\"><span style=\"color: #000000;\">&nbsp;<\/span><\/p>\n","protected":false},"excerpt":{"rendered":"<p>Un cognome. Da dove viene questo pezzo di storia che ci portiamo dietro quasi senza accorgercene? Zucconi \u00e8 una parola semplice, italiana e comprensibile a tutti senza alcuno sforzo. E\u2019 composta da una radice linguistica che rimanda all\u2019ortaggio autunnale che tutti ben conosciamo, nei risotti, nel pane ed in tante altre ricette molto legate alla<a href=\"https:\/\/www.accademiadeglizucconi.com\/\" class=\"more-link\">Continue reading <span class=\"screen-reader-text\">HOME<\/span><\/a><\/p>\n","protected":false},"author":1,"featured_media":395,"parent":0,"menu_order":0,"comment_status":"closed","ping_status":"closed","template":"","meta":{"ngg_post_thumbnail":0,"footnotes":""},"_links":{"self":[{"href":"https:\/\/www.accademiadeglizucconi.com\/index.php?rest_route=\/wp\/v2\/pages\/371"}],"collection":[{"href":"https:\/\/www.accademiadeglizucconi.com\/index.php?rest_route=\/wp\/v2\/pages"}],"about":[{"href":"https:\/\/www.accademiadeglizucconi.com\/index.php?rest_route=\/wp\/v2\/types\/page"}],"author":[{"embeddable":true,"href":"https:\/\/www.accademiadeglizucconi.com\/index.php?rest_route=\/wp\/v2\/users\/1"}],"replies":[{"embeddable":true,"href":"https:\/\/www.accademiadeglizucconi.com\/index.php?rest_route=%2Fwp%2Fv2%2Fcomments&post=371"}],"version-history":[{"count":16,"href":"https:\/\/www.accademiadeglizucconi.com\/index.php?rest_route=\/wp\/v2\/pages\/371\/revisions"}],"predecessor-version":[{"id":3501,"href":"https:\/\/www.accademiadeglizucconi.com\/index.php?rest_route=\/wp\/v2\/pages\/371\/revisions\/3501"}],"wp:featuredmedia":[{"embeddable":true,"href":"https:\/\/www.accademiadeglizucconi.com\/index.php?rest_route=\/wp\/v2\/media\/395"}],"wp:attachment":[{"href":"https:\/\/www.accademiadeglizucconi.com\/index.php?rest_route=%2Fwp%2Fv2%2Fmedia&parent=371"}],"curies":[{"name":"wp","href":"https:\/\/api.w.org\/{rel}","templated":true}]}}