{"id":2575,"date":"2020-05-16T16:35:48","date_gmt":"2020-05-16T14:35:48","guid":{"rendered":"http:\/\/www.accademiadeglizucconi.com\/?page_id=2575"},"modified":"2024-01-25T15:30:49","modified_gmt":"2024-01-25T14:30:49","slug":"evo-moderno","status":"publish","type":"page","link":"https:\/\/www.accademiadeglizucconi.com\/?page_id=2575","title":{"rendered":"EVO MODERNO"},"content":{"rendered":"<h1 style=\"text-align: center;\"><span style=\"font-size: 36px;\"><strong><span style=\"font-family: Verdana;\"><span style=\"color: #000000; font-size: 48px;\">EVO MODERNO<\/span><\/span><\/strong><\/span><\/h1>\n<p style=\"text-align: center;\"><em><span style=\"font-family: Verdana;\">Un passato.<\/span><\/em><\/p>\n<p style=\"text-align: justify;\"><strong><span style=\"font-family: Verdana; color: #000000;\">1490-1566<\/span><\/strong><\/p>\n<p style=\"text-align: justify;\"><strong><span style=\"font-family: Verdana; color: #000000;\">1)<\/span><\/strong><span style=\"font-family: Verdana; color: #000000;\"> Una o pi\u00f9 famiglie sono presenti nell&#8217;albinese (<a target=\"_blank\" rel=\"nofollow\" href=\"http:\/\/www.accademiadeglizucconi.com\/?goto=https%3A%2F%2Fit.wikipedia.org%2Fwiki%2FAlbino_%28Italia%29\" ><span style=\"color: #0000ff;\"><strong>Albino BG<\/strong><\/span><\/a>), pi\u00f9 precisamente in localit\u00e0 Fanti di <a target=\"_blank\" rel=\"nofollow\" href=\"http:\/\/www.accademiadeglizucconi.com\/?goto=https%3A%2F%2Fit.wikipedia.org%2Fwiki%2FCene\" ><span style=\"color: #0000ff;\"><strong>Cene (BG)<\/strong><\/span><\/a>, tra il 1490 ed il 1566, come viene segnalato nel sito di <strong>Giampiero Tiraboschi<\/strong> sulle &#8220;<a target=\"_blank\" rel=\"nofollow\" href=\"http:\/\/www.accademiadeglizucconi.com\/?goto=https%3A%2F%2Fservizi.ct2.it%2Fssl%2Fwiki%2Findex.php%3Ftitle%3DGiampiero_Tiraboschi_-_ANAGRAFE_DELLE_PERSONE_DELL%25E2%2580%2599ALBINESE_-_Zuchoni\" ><span style=\"color: #0000ff;\"><strong>Enciclopedia delle famiglie lombarde<\/strong><\/span><\/a>&#8221; (le <a target=\"_blank\" rel=\"nofollow\" href=\"http:\/\/www.accademiadeglizucconi.com\/?goto=https%3A%2F%2Fservizi.ct2.it%2Fssl%2Fwiki%2Findex.php%3Ftitle%3DGiampiero_Tiraboschi_-_ANAGRAFE_DELLE_PERSONE_DELL%25E2%2580%2599ALBINESE_-_Sigle_degli_indici_onomastici_e_toponomastici\" ><span style=\"color: #0000ff;\"><strong>sigle<\/strong><\/span><\/a> sono abbreviazioni dei nomi dei notai nei cui atti si trovano quei testimoni, i numeri sono i seriali degli atti):<\/span><\/p>\n<blockquote>\n<p style=\"text-align: justify;\"><span style=\"font-family: Verdana; color: #000000;\">Zuchoni Francesco fu Alessandro, Bucini di Cene, sgi3950,134 (1566)<br \/>\n<\/span><span style=\"font-family: Verdana; color: #000000;\">Zuchonibus (de) Lorenzo fu Giovannino, Fanti di Cene, <\/span><span style=\"font-family: Verdana; color: #000000;\">testimone pc2788 (1563)<br \/>\n<\/span><span style=\"font-family: Verdana; color: #000000;\">Zuconibus (de) Antonio, Fanti di Cene, <\/span><span style=\"font-family: Verdana; color: #000000;\">vicino di Albino saIII,234v (1493)<br \/>\n<\/span><span style=\"font-family: Verdana; color: #000000;\">Zuconibus (de) Giovanni di Tomaso, Fanti di Cene, <\/span><span style=\"font-family: Verdana; color: #000000;\">testimone Sog820 (1\/10\/1493)<br \/>\n<\/span><span style=\"font-family: Verdana; color: #000000;\">Zuconibus (de) Simone di Bertulino, Fanti di Cene, <\/span><span style=\"font-family: Verdana; color: #000000;\">testimone Sog819 (4\/10\/1490)<\/span><\/p>\n<\/blockquote>\n<p style=\"text-align: justify;\"><span style=\"font-family: Verdana; color: #000000;\"><strong>1503<\/strong><\/span><\/p>\n<p style=\"text-align: justify;\"><span style=\"font-family: Verdana; color: #000000;\"><strong>2) <a target=\"_blank\" rel=\"nofollow\" href=\"http:\/\/www.accademiadeglizucconi.com\/?goto=https%3A%2F%2Fbooks.google.it%2Fbooks%3Fid%3DaYxgAAAAcAAJ%26amp%3Bpg%3DPA268%26amp%3Blpg%3DPA268%26amp%3Bdq%3Dzucconiano%26amp%3Bsource%3Dbl%26amp%3Bots%3DiRe4xToGEI%26amp%3Bsig%3DACfU3U0xM2eLWW9PW1cM2e6JyneaKikTyw%26amp%3Bhl%3Dit%26amp%3Bsa%3DX%26amp%3Bved%3D2ahUKEwi81L7Vi_bvAhVK4qQKHQBKCjg4KBDoATAFegQIChAD%23v%3Donepage%26amp%3Bq%3Dzucconiano%26amp%3Bf%3Dfalse\" ><span style=\"color: #0000ff;\">Giovanni Zucconiano<\/span><\/a>, 1503.<\/strong> Presente nella lista redatta da Corner XIII degli Arcipreti di <a target=\"_blank\" rel=\"nofollow\" href=\"http:\/\/www.accademiadeglizucconi.com\/?goto=https%3A%2F%2Fit.wikipedia.org%2Fwiki%2FBasilica_di_San_Pietro_di_Castello\" ><span style=\"color: #0000ff;\"><strong>Castello<\/strong><\/span><\/a> e dei Vicari Generali del vescovo.<strong><br \/>\n<\/strong><strong><span style=\"color: #0000ff;\">&nbsp; &nbsp; &nbsp;<\/span><a target=\"_blank\" rel=\"nofollow\" href=\"http:\/\/www.accademiadeglizucconi.com\/?goto=https%3A%2F%2Fbooks.google.it%2Fbooks%3Fid%3D2XNO4fSKCJIC%26amp%3Bpg%3DPA268%26amp%3Blpg%3DPA268%26amp%3Bdq%3Dzucconiano%26amp%3Bsource%3Dbl%26amp%3Bots%3D1nXeOurlnd%26amp%3Bsig%3DACfU3U1geSgGdleZ72xaistmTgXIzi4kPg%26amp%3Bhl%3Dit%26amp%3Bsa%3DX%26amp%3Bved%3D2ahUKEwiKm8iwifbvAhWC7aQKHRHrDnk4FBDoATAIegQIAhAD%23v%3Donepage%26amp%3Bq%3Dzucconiano%26amp%3Bf%3Dfalse\" ><span style=\"color: #0000ff;\">Gian Francesco Zucconiano<\/span><\/a>, 1508.<\/strong><br \/>\n<span style=\"color: #0000ff;\"><strong>&nbsp; &nbsp;&nbsp;<\/strong><\/span><a target=\"_blank\" rel=\"nofollow\" href=\"http:\/\/www.accademiadeglizucconi.com\/?goto=https%3A%2F%2Farchive.org%2Fdetails%2Fdelleinscrizioni05cico%2Fpage%2F90%2Fmode%2F2up%3Fq%3Dzucconiano\" ><span style=\"color: #0000ff;\"><strong>Girolamo Zucconiano<\/strong><\/span><\/a>, <strong>1584. <\/strong><\/span><a target=\"_blank\" rel=\"nofollow\" href=\"http:\/\/www.accademiadeglizucconi.com\/?goto=http%3A%2F%2Fasa.archiviostudiadriatici.it%2Fislandora%2Fobject%2Flibria%3A125472%2Fdatastream%2FPDF%2Fcontent%2Flibria_125472.pdf\" ><span style=\"font-family: Verdana; color: #0000ff;\"><strong>Pievano<\/strong><\/span><\/a><span style=\"font-family: Verdana; color: #000000;\"> in <a target=\"_blank\" rel=\"nofollow\" href=\"http:\/\/www.accademiadeglizucconi.com\/?goto=https%3A%2F%2Fit.wikipedia.org%2Fwiki%2FChiesa_di_Santa_Margherita_%28Venezia%29\" ><span style=\"color: #0000ff;\"><strong>S. Margherita<\/strong><\/span><\/a>. Citato in &#8220;<\/span><span style=\"font-family: Verdana;\"><a target=\"_blank\" rel=\"nofollow\" href=\"http:\/\/www.accademiadeglizucconi.com\/?goto=https%3A%2F%2Farchive.org%2Fdetails%2Fdelleinscrizioni05cico%2Fpage%2Fn5%2Fmode%2F2up%3Fq%3Deditor\" ><span style=\"color: #0000ff;\"><strong>Delle inscrizioni veneziane<\/strong><\/span><\/a>&#8220;, <\/span><span style=\"font-family: Verdana;\">di Cicogna, Emmanuele Antonio, 1789-1868, <\/span><span style=\"font-family: Verdana;\">Editore Venezia, G. Orlandelli &#8211; 1824.<br \/>\n<\/span><span style=\"font-family: Verdana; color: #000000;\">Questa inconsueta forma del cognome viene ricordata in due casi all&#8217;interno della &#8220;<a target=\"_blank\" rel=\"nofollow\" href=\"http:\/\/www.accademiadeglizucconi.com\/?goto=https%3A%2F%2Fbooks.google.it%2Fbooks%3Fid%3DhCVLAAAAcAAJ%26amp%3Bpg%3DPA618%26amp%3Blpg%3DPA618%26amp%3Bdq%3Dzucconiano%26amp%3Bsource%3Dbl%26amp%3Bots%3DuJqO7sFzB0%26amp%3Bsig%3DACfU3U0KDLj3RUnxN_gROdWRhdOB2Z6zRA%26amp%3Bhl%3Dit%26amp%3Bsa%3DX%26amp%3Bved%3D2ahUKEwiKm8iwifbvAhWC7aQKHRHrDnk4FBDoATAHegQIARAD%23v%3Donepage%26amp%3Bq%3Dzucconiano%26amp%3Bf%3Dfalse\" ><span style=\"color: #0000ff;\"><strong>Storia della chiesa di Venezia dalla sua fondazione sino ai nostri giorni<\/strong><\/span><\/a>&#8220;, Volume 1,&nbsp;Giuseppe Cappelletti, Venezia &#8211; 1824, e &#8220;<a target=\"_blank\" rel=\"nofollow\" href=\"http:\/\/www.accademiadeglizucconi.com\/?goto=http%3A%2F%2Fasa.archiviostudiadriatici.it%2Fislandora%2Fobject%2Flibria%3A193931%2Fdatastream%2FPDF%2Fcontent%2Flibria_193931.pdf\" ><strong><span style=\"color: #0000ff;\">DELLE MEMORIE VENETE ANTICHE PROFANE ED ECCLESIASTICHE<\/span><\/strong><\/a>&#8220;, Giambattista Gallicciolli, per i tipi di Domenico Fracasso, Venezia &#8211; 1795.<\/span><\/p>\n<p style=\"text-align: justify;\"><strong><span style=\"font-family: Verdana; color: #000000;\">1504<\/span><\/strong><\/p>\n<p style=\"text-align: justify;\"><strong><span style=\"font-family: Verdana; color: #000000;\">3) Zuchono<\/span><\/strong><span style=\"font-family: Verdana; color: #000000;\">. In &#8220;<a target=\"_blank\" rel=\"nofollow\" href=\"http:\/\/www.accademiadeglizucconi.com\/?goto=https%3A%2F%2Farchive.org%2Fdetails%2Fprigionieprigio00bertgoog%2Fpage%2Fn4%2Fmode%2F2up\" ><span style=\"color: #0000ff;\"><strong>Prigioni e prigionieri in Mantova: dal secolo XIII al XIX<\/strong><\/span><\/a>&#8220;, di Antonio Bertolotti, tipografia delle Mantellate, Roma 1890, si legge:<\/span><\/p>\n<blockquote>\n<p style=\"text-align: justify;\"><span style=\"font-family: Verdana; color: #000000;\">&#8230;Comisotto capitano di Giustizia a di 28 aprile 1504 riferiva al Marchese che \u00ab<strong>Zuchono<\/strong> maistro de la lustitia \u00e8 stato amazato suso in la giurisdizione de Goito\u00bb, si credeva da certi suoi parenti di Cavriana con cui litigava&#8230;<br \/>\n<\/span><\/p>\n<\/blockquote>\n<p style=\"text-align: justify;\"><strong><span style=\"font-family: Verdana; color: #000000;\">1505<\/span><\/strong><\/p>\n<p style=\"text-align: justify;\"><strong><span style=\"font-family: Verdana; color: #000000;\">3) Henrico Zuchono<\/span><\/strong><span style=\"font-family: Verdana; color: #000000;\">. In &#8220;<a target=\"_blank\" rel=\"nofollow\" href=\"http:\/\/www.accademiadeglizucconi.com\/?goto=https%3A%2F%2Fwww.academia.edu%2F42641821%2FThe_San_Zaccaria_choir_in_context\" ><span style=\"color: #0000ff;\"><strong>CHIESE DI VENEZIA NUOVE PROSPETTIVE DI RICERCA, Collana di Studi<\/strong><\/span><\/a>&#8220;, \u00abIn centro et oculis urbis nostre\u00bb, la chiesa e il monastero di San Zaccaria, a cura di Bernard Aikema, Massimo Mancini, Paola Modesti, si legge:<\/span><\/p>\n<blockquote>\n<p style=\"text-align: justify;\"><span style=\"font-family: Verdana; color: #000000;\">&#8220;Although many notarial acts were witnessed in the nuns\u2019 chapter house, parlatorio and even the abbess\u2019s cell, an act dated 27 February 1505 (1504 more veneto) was conducted \u00abin choro dicti monasterij\u00bb.94 In the presence of four<\/span><span style=\"font-family: Verdana; color: #000000;\">nuns including the abbess and prioress, two male witnesses and the notary, the convent agreed to rent a portion of land in the diocese of Treviso to a certain <strong>Henrico Zuchono<\/strong>, also present at the meeting&#8221;.&nbsp;<\/span><\/p>\n<\/blockquote>\n<p style=\"text-align: justify;\"><strong><span style=\"font-family: Verdana; color: #000000;\">1520<\/span><\/strong><\/p>\n<p style=\"text-align: justify;\"><strong><span style=\"font-family: Verdana; color: #000000;\">4) Zuanne Zucho<\/span><\/strong><span style=\"font-family: Verdana; color: #000000;\">. Citato in &#8220;<a target=\"_blank\" rel=\"nofollow\" href=\"http:\/\/www.accademiadeglizucconi.com\/?goto=https%3A%2F%2Fupload.wikimedia.org%2Fwikipedia%2Fcommons%2F2%2F27%2FI_diarii_di_Marino_Sanuto_%2528IA_idiariidimarinos39sanu%2529.pdf\" ><strong><span style=\"color: #0000ff;\">I DIARII<\/span><\/strong><\/a>&#8221; di Marino Sanuto, FRATELLI VISENTINI TIPOGRAFI EDITORI \u2014 VENEZIA 1894, tomo XXXIX:<br \/>\n<\/span><\/p>\n<blockquote>\n<p style=\"text-align: justify;\"><span style=\"font-family: Verdana; color: #000000;\">Fu posto, per li Consieri, una taia a Verona, per la morte di Zuanne Zucho citadin veronese per Galeazo di Bologna per mandato di Bortolomio Malatia, habbi libert\u00e0 poner in exilio etc. taia lire 500 et 300 et confiscar. 148, 1, 6.<\/span><\/p>\n<\/blockquote>\n<p style=\"text-align: justify;\"><strong><span style=\"font-family: Verdana; color: #000000;\">1522<\/span><\/strong><\/p>\n<p style=\"text-align: justify;\"><strong><span style=\"font-family: Verdana; color: #000000;\">5) Bertono fu Gherardo Zucconi<\/span><\/strong><span style=\"font-family: Verdana; color: #000000;\">. Compare in una pergamena presente nell&#8217;archivio della <a target=\"_blank\" rel=\"nofollow\" href=\"http:\/\/www.accademiadeglizucconi.com\/?goto=http%3A%2F%2Flegacy.bibliotecamai.org%2Fcataloghi_inventari%2Farchivi%2Fcollezione_pergamene%2FAr_01_elenco_pergamene_v_5.pdf\" ><span style=\"color: #0000ff;\"><strong>Biblioteca Civica Angelo Mai<\/strong><\/span><\/a> di Bergamo, nella quale si riporta in data 26 aprile 1522, al numero 151, &#8220;un&#8217;obbligazione emessa da Bertono fu Gherardo Zucconi da <a target=\"_blank\" rel=\"nofollow\" href=\"http:\/\/www.accademiadeglizucconi.com\/?goto=https%3A%2F%2Fit.wikipedia.org%2Fwiki%2FMonte_di_Nese\" ><span style=\"color: #0000ff;\"><strong>Monte di Nese<\/strong><\/span><\/a> e Pietro fu Giovanni Zucconi insolidariamente ad Antonio di Ser Ambrogio Camozzi per \u00a3 56 e Ss.11 imperiali, in atti Gabriele fu Alessandrino Grigis da Alzano&#8221;. <\/span><\/p>\n<p style=\"text-align: justify;\"><span style=\"font-family: Verdana; color: #000000;\">Nella zona di <a target=\"_blank\" rel=\"nofollow\" href=\"http:\/\/www.accademiadeglizucconi.com\/?goto=https%3A%2F%2Fit.wikipedia.org%2Fwiki%2FMonte_di_Nese\" ><span style=\"color: #0000ff;\"><strong>Monte di Nese (BG)<\/strong><\/span><\/a> risulta poi un toponimo &#8220;<strong>in Zuccone<\/strong>&#8220;, che potrebbe essere connesso con l&#8217;omonima famiglia, citato in una vendita dell&#8217;<strong>8 giugno 1509<\/strong>, numero 107, come segue: <\/span><\/p>\n<blockquote>\n<p style=\"text-align: justify;\"><span style=\"font-family: Verdana; color: #000000;\">&#8220;Vendita fatta da Bertoletto Corti abitante sul monte di Nese qual procuratore de&#8217; suoi fratelli Battista, Giacomo, Francesco e Pietro ad Ambrogio fu Pietro Camozzi de Gherardi da Miragolo di una pezza di terra prativa e campiva posta sul monte di Nese stesso al luogo ove dicesi <strong>in Zuccone<\/strong>, in atti Giacomo Grigis da Rigosa&#8221;.<\/span><\/p>\n<\/blockquote>\n<p style=\"text-align: justify;\"><span style=\"font-family: Verdana; color: #000000;\">Nella zona di <a target=\"_blank\" rel=\"nofollow\" href=\"http:\/\/www.accademiadeglizucconi.com\/?goto=https%3A%2F%2Fit.wikipedia.org%2Fwiki%2FPiazzolo\" ><span style=\"color: #0000ff;\"><strong>Piazzolo (BG)<\/strong><\/span><\/a>, in un atto della medesima raccolta di pergamene, datato <strong>11 novembre 1529<\/strong>, numero 3, viene citato un altro toponimo &#8220;<strong>i prati di Zuchono<\/strong>&#8221; come segue:<\/span><\/p>\n<blockquote>\n<p style=\"text-align: justify;\"><span style=\"font-family: Verdana; color: #000000;\">&#8220;Presenti fra i testi Petrobono de Mascheroni dell&#8217;Olmo parroco di S. Antonio di Olmo, Michele da Baresi rettore della chiesa di S. Giacomo di Piazzatorre, Pantaleone da Antegnate beneficiato della Chiesa di S. Maria di Piazzolo ed altri due, Venturino q.m Jacopo Guerra de&#8217; Maysis, Giovanni q.m Pedrino detto Taleggio de Privoris e Domenico detto Marogno q.m ser Giovanni Arici tutti di Piazzatorre, sindaci e procuratori di questo Comune, come da atto sotto la stessa data, che si riporta per intero, vendono a Martino q.m Guarisco de&#8217; Gaverti di Piazzolo la met\u00e0 del Monte Torcula in tenere di Piazzatorre col rispettivo pascolo, fra questi confini, e cio\u00e8, cominciando sul Monte di Toragio, discendendo nella Costa di Gadio, e da quella Costa alla Caravina del Dosso, e dalla Caravina sine alle Moiache sotto <strong>i prati di Zuchono<\/strong>, pel prezzo di L 240 imperiali, parte in denaro numerato, parte in cacio gi\u00e0 consegnato ai Vicini di Piazzatorre.<br \/>\nNot. Antonius q.m Boni de Mascheronibus de Lulmo.<br \/>\nNot. Abel fil d. Antonii de Lulmo.&nbsp;<\/span><\/p>\n<\/blockquote>\n<p style=\"text-align: justify;\"><strong><span style=\"font-family: Verdana; color: #000000;\">1529<\/span><\/strong><\/p>\n<p style=\"text-align: justify;\"><strong><span style=\"font-family: Verdana; color: #000000;\">6) Venturino fu Pietro Zucconi<\/span><\/strong><span style=\"font-family: Verdana; color: #000000;\">. Compare in una pergamena presente nell&#8217;archivio della <a target=\"_blank\" rel=\"nofollow\" href=\"http:\/\/www.accademiadeglizucconi.com\/?goto=http%3A%2F%2Flegacy.bibliotecamai.org%2Fcataloghi_inventari%2Farchivi%2Fcollezione_pergamene%2FAr_01_elenco_pergamene_v_5.pdf\" ><span style=\"color: #0000ff;\"><strong>Biblioteca Civica Angelo Mai<\/strong><\/span><\/a> di Bergamo, nella quale si riporta in data 7 giugno 1529, al numero 187, in una procura fatta da Venturino fu Pietro Zucconi da Bergamo come Procuratore di sua figlia<br \/>\nCristina in Antonio Camozzi q.m Pietro ad operare come in causa propria onde esigere tutti i crediti pendenti coll&#8217;antedetta sua figlia, in atti Bonifacio Silvano Notajo di Venezia.<\/span><\/p>\n<p style=\"text-align: justify;\"><strong><span style=\"font-family: Verdana; color: #000000;\">1530<\/span><\/strong><\/p>\n<p style=\"text-align: justify;\"><strong><span style=\"font-family: Verdana; color: #000000;\">7) <\/span><\/strong><span style=\"font-family: Verdana; color: #000000;\"><a target=\"_blank\" rel=\"nofollow\" href=\"http:\/\/www.accademiadeglizucconi.com\/?goto=http%3A%2F%2Fwww.davr.it%2FDivenire%2Fdocument.htm%3FidUa%3D249949%26amp%3BidDoc%3D249950%26amp%3Bfirst%3D0%26amp%3Blast%3D3\" ><span style=\"color: #0000ff;\"><strong>Ioannes, quondam Thure Zuchoni<\/strong><\/span><\/a><\/span><span style=\"color: #000000;\"><span style=\"font-family: Verdana;\">. Nell&#8217;<a target=\"_blank\" rel=\"nofollow\" href=\"http:\/\/www.accademiadeglizucconi.com\/?goto=http%3A%2F%2Fwww.davr.it%2F\" ><span style=\"color: #0000ff;\"><strong>archivio digitale di Verona<\/strong><\/span><\/a> \u00e8 reperibile un testamento redatto da questo Giovanni, figlio del fu Ettore Zucconi, a testimoniare l&#8217;esistenza del cognome anche nel capoluogo scaligero e la sua fissazione gi\u00e0 dal XV sec. Purtroppo l&#8217;atto non \u00e8 leggibile.<\/span><\/span><\/p>\n<blockquote>\n<p style=\"text-align: justify;\"><span style=\"color: #000000;\"><span style=\"font-family: Verdana;\">NUMERO MAZZO: 122<br \/>\n<\/span><span style=\"font-family: Verdana;\">NUMERO ATTO: 93<br \/>\n<\/span><span style=\"font-family: Verdana;\">DATA: <strong>1530<\/strong>\/04\/06<br \/>\n<\/span><span style=\"font-family: Verdana;\">TESTATORE O TESTATRICE, <\/span><\/span><span style=\"font-family: Verdana;\"><span style=\"color: #000000;\">NOME: <strong>Ioannes q. Thure Zuchon<\/strong><\/span><\/span><span style=\"color: #000000;\"><strong>i<br \/>\n<\/strong><\/span><span style=\"color: #000000;\"><span style=\"font-family: Verdana;\">NOTAIO, NOME: Ottavianus Pontan<\/span><\/span><\/p>\n<\/blockquote>\n<p style=\"text-align: justify;\"><strong><span style=\"color: #0000ff; font-family: Verdana;\"><span style=\"color: #000000;\">1549<\/span><\/span><\/strong><\/p>\n<p style=\"text-align: justify;\"><strong><span style=\"color: #0000ff; font-family: Verdana;\"><span style=\"color: #000000;\">8) Matteo e Francesco Zucho (degli Zuchi)<\/span><\/span><\/strong><span style=\"color: #0000ff; font-family: Verdana;\"><span style=\"color: #000000;\">. Citati in &#8220;<span style=\"color: #0000ff;\"><a target=\"_blank\" rel=\"nofollow\" href=\"http:\/\/www.accademiadeglizucconi.com\/?goto=http%3A%2F%2Fbrixiasacra.it%2FPDF_Brixia_Sacra%2FAnno%25201986_MemorieStoriche%2FNuova_serie_%281986%29_XXI_fasc1-2-3-4.pdf\" style=\"color: #0000ff;\" ><strong>BRIXIA SACRA MEMORIE STORICHE DELLA DIOCESI DI BRESCIA<\/strong><\/a><\/span>&#8220;, Nuova serie &#8211; Anno XXI &#8211; N. 1-2-3-4 &#8211; Gennaio-Agosto 1986. Nel comune di <a target=\"_blank\" rel=\"nofollow\" href=\"http:\/\/www.accademiadeglizucconi.com\/?goto=https%3A%2F%2Fit.wikipedia.org%2Fwiki%2FCoccaglio\" ><span style=\"color: #0000ff;\"><strong>Coccaglio<\/strong><\/span><\/a> (BS):<\/span><\/span><\/p>\n<blockquote>\n<p style=\"text-align: justify;\"><span style=\"color: #0000ff; font-family: Verdana;\"><span style=\"color: #000000;\">XXII<br \/>\nPro domino Lucha Mombello pietore a comune de Cochalio, . creditum.<br \/>\n1549, ad\u00ec 20 del meso de octobrio&#8230;\/&#8230; nel loco solito del ditto comune de comandamento de ser Jacomo Betta et ser <strong>Matheo di Zuchj<\/strong> consolj de ditta terra per far le jnfrascripte cose li dittj infrascripti consolj et conseierj representantj et che regono ditto comune et universit\u00e0, videlicet Jacomo Betta et <strong>Matheo Zucho<\/strong> consolj de ditta terra, domino Zorzo Mazocho, ser Augustino &#8230;&#8230;.. . et Bertholomeo Corado deputati, ser Jo. Piew Personello, magistro <strong>Francesco Zucho<\/strong>,&#8230;&nbsp;<\/span><\/span><\/p>\n<\/blockquote>\n<p style=\"text-align: justify;\"><strong><span style=\"color: #0000ff; font-family: Verdana;\"><span style=\"color: #000000;\">1550 &#8211; 1559<\/span><\/span><\/strong><\/p>\n<p style=\"text-align: justify;\"><strong><span style=\"color: #0000ff; font-family: Verdana;\"><span style=\"color: #000000;\">9) Giuseppe Zuccone<\/span><\/span><\/strong><span style=\"color: #0000ff; font-family: Verdana;\"><span style=\"color: #000000;\">. In &#8220;<a target=\"_blank\" rel=\"nofollow\" href=\"http:\/\/www.accademiadeglizucconi.com\/?goto=https%3A%2F%2Fwww.jstor.org%2Fstable%2F25819174%3Fread-now%3D1%26amp%3Bseq%3D1%23page_scan_tab_contents\" ><span style=\"color: #0000ff;\"><strong>Corrispondenti di San Carlo Borromeo (1550-1559)<\/strong><\/span><\/a>&#8220;, redatto da Adolfo Rivolta Preposto parroco di S. Simpliciano in Milano, 1938, compaiono questi tre personaggi il cui cognome al singolare rimanda sicuramente ad una forma ancora non consolidata, come dimostra l&#8217;atto del 18 marzo 1558 in cui compare la forma <strong>Zuchono.<\/strong> Per quanto sia probabile, non \u00e8 possibile dire se siano tra loro imparentati, ma almeno uno viene detto essere di <a target=\"_blank\" rel=\"nofollow\" href=\"http:\/\/www.accademiadeglizucconi.com\/?goto=https%3A%2F%2Fit.wikipedia.org%2Fwiki%2FArona\" ><span style=\"color: #0000ff;\"><strong>Arona (NO)<\/strong><\/span><\/a>:<\/span><\/span><\/p>\n<blockquote>\n<p style=\"text-align: justify;\"><span style=\"color: #0000ff; font-family: Verdana;\"><span style=\"color: #000000;\">109 b. Giberto Borromeo, Milano, 30 settembre 1554, a Carlo Borromeo, Arona.<br \/>\nIl Degano uomo fidato &#8211; mandi il memoriale di <strong>Giuseppe Zuccone<\/strong> &#8211; la nota dei soldati.<\/span><\/span><\/p>\n<p style=\"text-align: justify;\"><span style=\"color: #0000ff; font-family: Verdana;\"><span style=\"color: #000000;\">17 d. <strong>Giuseppe Zuchono<\/strong>, Arona, 18 marzo 1558, a Carlo Borromeo, Arona.<br \/>\nScusa di non averlo salutato alla partenza<\/span><\/span><\/p>\n<\/blockquote>\n<p style=\"text-align: justify;\"><span style=\"color: #0000ff; font-family: Verdana;\"><span style=\"color: #000000;\"><strong>10) Battista Zuccone<\/strong>.<\/span><\/span><\/p>\n<blockquote>\n<p style=\"text-align: justify;\"><span style=\"color: #0000ff; font-family: Verdana;\"><span style=\"color: #000000;\">125 d. Federico Borromeo, Arona, 30 agosto 1558, a Carlo Borromeo, Milano.<br \/>\nInsolenze di <strong>Battista Zuccone<\/strong> con una donna &#8211; quando verr\u00e0 Ercole lo informer\u00e0 di tutto.<\/span><\/span><\/p>\n<p style=\"text-align: justify;\"><span style=\"color: #0000ff; font-family: Verdana;\"><span style=\"color: #000000;\">90 a. Id., Milano, 7 settembre 1558, a Carlo Borromeo, (?).<br \/>\nPrega di supplirlo sino al ritorno e di non dare molestia a <strong>Gio. Batta. Zuccone<\/strong> di Arona.<\/span><\/span><\/p>\n<p style=\"text-align: justify;\"><span style=\"color: #0000ff; font-family: Verdana;\"><span style=\"color: #000000;\">166 d. Tullio Albonese, Arona, 28 settembre 1558, a Carlo Borromeo, Milano.<br \/>\nSui negozio del <strong>Zuccone<\/strong> ha riferito col Conte Federico e Francesco, sar\u00e0 bene dirlo al Senato &#8211; parla al Gianola della pensione &#8211; Conturbia non ha la nota precisa dei suoi beni per eseguire la nuova grida sui perticato &#8211; un ebreo, se avr\u00e0 disponibilit\u00e0 , servir\u00e0 V. S. &#8211; per le reliquie bisogner\u00e0 pensare a Milano &#8211; qui va tutto in rovina.<\/span><\/span><\/p>\n<p style=\"text-align: justify;\"><span style=\"color: #0000ff; font-family: Verdana;\"><span style=\"color: #000000;\">193 d. Id., Arona, 23 ottobre 1558, Carlo Borromeo, Milano.<br \/>\nPer mezzo del Monzino furono liberati i due detenuti, che furono soccorsi da lui e dalla Contessa Zenobia &#8211; ha dato denaro per il viaggio &#8211; il Conte Federico scriva al Conturbia dimandare i 50 scudi &#8211; l&#8217;ebreo aspetta suo fratello che gli porter\u00e0 denari: ma crede che sia fallito, sar\u00e0 bene licenziarlo &#8211; si \u00e8 avuto la risposta del Senato per il caso di <strong>Battista Zuccone<\/strong>.<\/span><\/span><\/p>\n<p style=\"text-align: justify;\"><span style=\"color: #0000ff; font-family: Verdana;\"><span style=\"color: #000000;\">212 d. Tullio Albonese, Arona, 25 novembre 1558, a Carlo Borromeo, Milano.<br \/>\nFu pregato da Francesco Conturbia, si interpose per ottenere grazia in favore di <strong>Gio. Batta. Zuccone<\/strong> che fece mille promesse, avendo gi\u00e0 in parte scontata la pena.<\/span><\/span><\/p>\n<p style=\"text-align: justify;\"><span style=\"color: #0000ff; font-family: Verdana;\"><span style=\"color: #000000;\">33 d. Id., Arona, 16 dicembre 1558, a Carlo Borromeo, Milano.<br \/>\nIl conte Francesco ha affittato la terza parte dei boschi a Battista Tarsia per nove anni a scudi 50 &#8211; se vuole, il dett <\/span><\/span><span style=\"color: #0000ff; font-family: Verdana;\"><span style=\"color: #000000;\">Tarsia dar la stessa somma, per la sua terza parte, seduta stante &#8211; il Massate mi disse che mand\u00f2 il figlio per il suo debito; trattata la cosa con V. S., si solleciter\u00e0 la consegna del denaro &#8211; la ringrazia dell&#8217;interesse preso di avvertirla del possesso della Badia di Romagnano &#8211; il Conturbia ringrazia dell&#8217;interessamento col <strong>Zuccone<\/strong> &#8211; gode che il Gianola abbia ben aumentato l&#8217;affitto della Badia di Romagnano.<br \/>\n<\/span><\/span><\/p>\n<\/blockquote>\n<p style=\"text-align: justify;\"><strong><span style=\"color: #0000ff; font-family: Verdana;\"><span style=\"color: #000000;\">11) Giovanni Antonio Zuccone<\/span><\/span><\/strong><span style=\"color: #0000ff; font-family: Verdana;\"><span style=\"color: #000000;\">.<\/span><\/span><\/p>\n<blockquote>\n<p style=\"text-align: justify;\"><span style=\"color: #0000ff; font-family: Verdana;\"><span style=\"color: #000000;\">126 c. Cesare de Rusconi, Pavia, 12 luglio 1557, a Carlo Borromeo, Milano.<br \/>\nEgli ebbe la lettera &#8211; chiede il cavallo di <strong>Gio. Ant. Zuccone<\/strong> &#8211; manda il bollettino &#8211; il Conte Federico sta bene.<\/span><\/span><\/p>\n<p style=\"text-align: justify;\"><span style=\"color: #0000ff; font-family: Verdana;\"><span style=\"color: #000000;\">82 e. <strong>Giovanni Antonio Zuccone<\/strong>, Arona, 3 maggio 1559, a Carlo Borromeo, Milano.<br \/>\nDomanda l&#8217;affitto della tenuta di Romagnano.<\/span><\/span><\/p>\n<p style=\"text-align: justify;\"><span style=\"color: #0000ff; font-family: Verdana;\"><span style=\"color: #000000;\">62 f. Tullio Albonese, Arona, 7 novembre 1559, a Carlo Borromeo, Milano.<br \/>\nHa avvisato il Conturbia e Gianola che in settimana mandino il raccolto di S. Martino con i conti &#8211; cosi Protasio eseguir\u00e0 i comandi &#8211; domenica si andr\u00e0 a caccia &#8211; <strong>Gio. Antonio Zuccone<\/strong> verr\u00e0 a servire V. S. &#8211; Tomasino Beccaro del Prato ha compensato Bartolomeo Sartori, il restante lo mander\u00e0 per mezzo di Protasio &#8211; ha avvisato Gio. Antonio Masate (?) di portare quanto deve per S. Martino.<\/span><\/span><\/p>\n<p style=\"text-align: justify;\"><span style=\"color: #0000ff; font-family: Verdana;\"><span style=\"color: #000000;\">81 f. <strong>Gio. Antonio (Zuccone)<\/strong> (?), Arona, 25 novembre 1559, a Carlo Borromeo, Milano.<br \/>\nDichiarazione di fedelt\u00e0 devota &#8211; manda un po&#8217; di uva &#8211; morto Pietro Mainino &#8211; se desidera qualche servigio o cosa, scriva sempre.<\/span><\/span><\/p>\n<p style=\"text-align: justify;\"><span style=\"color: #0000ff; font-family: Verdana;\"><span style=\"color: #000000;\">83 f. Tullio Albonese, Arona, 26 novembre 1559, a Carlo Borromeo, Milano.<br \/>\nA mano di Protasio, manda 100 reali del suo ; il massaro non ha denari ; glieli porter\u00e0 domani, li mander\u00e0 a Pavia per mano di messer <strong>Gio. Antonio Zuccone<\/strong> &#8211; attende la buona nuova del suo dottorato.<\/span><\/span><\/p>\n<p style=\"text-align: justify;\"><span style=\"color: #0000ff; font-family: Verdana;\"><span style=\"color: #000000;\">85 f Id., Arona, 28 novembre 1559, a Carlo Borromeo, Milano.<br \/>\n<strong>G. Antonio Zuccone<\/strong> viene con quattro agnelli, non avendo potuto trovare dei capretti &#8211; il massaro stato qui e ha promesso che fra dieci giorni porter\u00e0 tutti i denari dovuti.<\/span><\/span><\/p>\n<p>&nbsp;<\/p><\/blockquote>\n<p style=\"text-align: justify;\"><span style=\"color: #0000ff; font-family: Verdana;\"><span style=\"color: #000000;\"><strong>1558<\/strong><\/span><\/span><\/p>\n<p style=\"text-align: justify;\"><span style=\"color: #0000ff; font-family: Verdana;\"><span style=\"color: #000000;\"><strong>12) Arcangelo de Zucconi.<\/strong> Come riportato in &#8220;<a target=\"_blank\" rel=\"nofollow\" href=\"http:\/\/www.accademiadeglizucconi.com\/?goto=https%3A%2F%2Fcrsrv.org%2Feditoria%2Fatti%2Fatti-xvi%2Fantonio-miculian-la-riforma-protestante-in-istria-vii-la-riforma-tridentina-nella-diocesi-di-parenzo\" ><strong><span style=\"color: #0000ff;\">LA RIFORMA PROTESTANTE IN ISTRIA (VII)<\/span> LA RIFORMA TRIDENTINA NELLA DIOCESI DI PARENZO<\/strong><\/a>&#8220;, di Antonio Miculian, questo frate originario di <a target=\"_blank\" rel=\"nofollow\" href=\"http:\/\/www.accademiadeglizucconi.com\/?goto=https%3A%2F%2Fit.wikipedia.org%2Fwiki%2FMontona\" ><span style=\"color: #0000ff;\"><strong>Montona<\/strong><\/span><\/a> (HRV) nel <strong>1558<\/strong> sub\u00ec un processo per eresia. Forse il suo cognome derivava dal toponimo della cittadina istriana <span style=\"color: #0000ff;\"><a style=\"color: #0000ff;\" href=\"http:\/\/www.accademiadeglizucconi.com\/?goto=https%3A%2F%2Fwww.google.it%2Fmaps%2F%4044.9544912%2C13.9876314%2C2563m%2Fdata%3D%213m1%211e3%3Fhl%3Dit\" target=\"_blank\" rel=\"nofollow noopener\"><strong>Cokuni<\/strong><\/a><\/span>?:<\/span><\/span><\/p>\n<blockquote>\n<p style=\"text-align: justify;\"><span style=\"color: #0000ff; font-family: Verdana;\"><span style=\"color: #000000;\">&#8220;&#8230;Nel 1558 il S. Ufficio di Venezia inizi\u00f2 un secondo processo contro il montonese <strong>Arcangelo de Zucconi<\/strong> condannato per aver pubblicamente, in pi\u00f9 riprese, divulgato l&#8217;eresia luterana.&#8221;<\/span><\/span><\/p>\n<\/blockquote>\n<p style=\"text-align: justify;\"><span style=\"color: #0000ff; font-family: Verdana;\"><span style=\"color: #000000;\"><strong>1568<\/strong><\/span><\/span><\/p>\n<p style=\"text-align: justify;\"><span style=\"color: #0000ff; font-family: Verdana;\"><span style=\"color: #000000;\"><strong>13) Claudio Zuchono<\/strong>. In \u201c<a target=\"_blank\" rel=\"nofollow\" href=\"http:\/\/www.accademiadeglizucconi.com\/?goto=https%3A%2F%2Fcore.ac.uk%2Fdownload%2Fpdf%2F187920037.pdf\" ><span style=\"color: #0000ff;\"><strong>Malefemmene<\/strong><\/span><\/a>\u201d Onore perduto, peccato espiato, corpi ammansiti. Indisciplinate, prostitute, malmaritate rinchiuse nei conservatori per convertite francesi e italiani tra XVI e XVII secolo, tesi di laurea della dott.ssa Giulia Castelnuovo presso l&#8217;Universit\u00e0 di Grenoble, 2014, fra i vari corrispondenti dell&#8217;epistolario di san Carlo Borromeo vi \u00e8 un tal Giovanni Antonio Conturbia che scriveva cos\u00ec:<\/span><\/span><\/p>\n<blockquote>\n<p style=\"text-align: justify;\"><span style=\"color: #0000ff; font-family: Verdana;\"><span style=\"color: #000000;\">\u201cHo per le mani due donne d\u2019Arona adultere, l\u2019una delle quali l\u2019anno passata essendo scomunicata fu da monsignor Paffio soluta publicamente con promessa di non ritornare pi\u00f9 alpeccato, ben che ella sia al presente pi\u00f9 che mai infangata, per il che suo marito pi\u00f9 anni sono se ne and\u00f2 come disperso verso Roma e non \u00e8 mai ritornato; l\u2019altra adimandata Maddalena di Bernardino Cavaler \u00e8 moglie d\u2019un Jacomo di Invorio, con quale [\u2026] et precetti fattegli \u00e8 stata impossibile puoterla divenire dalle [&#8230;] d\u2019un <strong>Claudio Zuchono<\/strong>, qual senza alcun timor d\u2019Iddio ne del mondo la tiene in casa sua et marted\u00ec passato in publica piazza fer\u00ec il marito di modo che rimarr\u00e0 debilitato. L\u2019ho fatta mettere prigione, et per esser ella gravida de sette mesi del adultero et poverissima l\u2019ho lassata con sicurt\u00e0 a servire il marito nell\u2019hospitale; sarei di parer, et credo si far\u00e0 un gran sacrificio a Dio, se si mandassero queste due donne al Soccorso cost\u00ec in penitenza per che si emandassero, altrimenti sar\u00e0 difficile levarle in tutto da tal pratiche\u201d<sup>141<br \/>\n141 BA, F 114 inf., ep. 114, Gio Antonio Conturbia a Carlo Borromeo, 25 ottobre 1568.<\/sup><\/span><\/span><\/p>\n<\/blockquote>\n<p style=\"text-align: justify;\"><span style=\"color: #0000ff; font-family: Verdana;\"><span style=\"color: #000000;\"><strong>1569<\/strong><\/span><\/span><\/p>\n<p style=\"text-align: justify;\"><span style=\"color: #0000ff; font-family: Verdana;\"><span style=\"color: #000000;\"><strong>14) <a target=\"_blank\" rel=\"nofollow\" href=\"http:\/\/www.accademiadeglizucconi.com\/?goto=file%3A%2F%2F%2FC%3A%2FUsers%2FUTENTE%2FOneDrive%2FDesktop%2FIndiceNotai-aa1242-1917%2520ordine%2520per%2520data%2520%28senza%2520note%29.pdf\" ><span style=\"color: #0000ff;\">Carlo fu Cristoforo Vavassori Zucconi<\/span><\/a>.<\/strong> Notaio attivo tra Palazzago, Ambivere e Pontida, tutti in provincia di Bergamo, nel periodo <strong>1549-1569<\/strong>.<\/span><\/span><\/p>\n<p style=\"text-align: justify;\"><span style=\"color: #0000ff; font-family: Verdana;\"><span style=\"color: #000000;\"><strong>1576<\/strong><\/span><\/span><\/p>\n<p style=\"text-align: justify;\"><span style=\"color: #0000ff; font-family: Verdana;\"><span style=\"color: #000000;\"><strong>15)<\/strong> <strong>Frate Giacomo Zucconi<\/strong>. In<\/span><\/span><span style=\"color: #000000; font-family: Verdana;\">&nbsp;&#8220;<span style=\"color: #0000ff;\"><strong><a target=\"_blank\" rel=\"nofollow\" href=\"http:\/\/www.accademiadeglizucconi.com\/?goto=https%3A%2F%2Fwww.academia.edu%2F39000304%2FNotai_per_S._Sisto._Paolo_Vincenzo_Arcelli_1562-1580_Francesco_Taravelli_1565-1587_._Inventario_analitico_delle_imbreviature_conservate_nel_fondo_Notarile_dellArchivio_di_Stato_di_Piacenza_2016\" style=\"color: #0000ff;\" >Notai per s. Sisto \/ Paolo Arcelli (1562-1580) \/ Francesco Taravelli (1565-1587) \/ Inventario analitico delle imbreviature conservate nel fondo Notarile dell&#8217;Archivio di Stato di Piacenza<\/a><\/strong><\/span>&#8221; a cura di Luca Ceriotti, Deputazione di Storia Patria per le Province Parmensi &#8211; 2016, si riporta questo atto ed i due successivi, nei quali Zucconi compare rispettivamente come cognome, come soprannome e come probabile luogo di provenienza o soprannome familiare collettivo.<\/span><\/p>\n<blockquote>\n<p style=\"text-align: justify;\"><span style=\"color: #0000ff; font-family: Verdana;\"><span style=\"color: #000000;\">ASPc, Notarile, not. Francesco Taravelli, 6820<br \/>\n31 lug. <strong>1576<\/strong> (n. 1387)&#8230;\/&#8230; Che il 14 agosto <strong>1534<\/strong> detto Niccol\u00f2 Cornazzano rinunci\u00f2 al fitto sopra descritto in favore di frate Giacomo Zucconi, dell\u2019ordine dei minori di san Francesco, allora guardiano del monastero di S. Francesco di Pellegrino (Parmense), a nome di detto monastero&#8230;<\/span><\/span><\/p>\n<\/blockquote>\n<p style=\"text-align: justify;\"><span style=\"color: #0000ff; font-family: Verdana;\"><span style=\"color: #000000;\"><strong>1576<\/strong><\/span><\/span><\/p>\n<p style=\"text-align: justify;\"><span style=\"color: #0000ff; font-family: Verdana;\"><span style=\"color: #000000;\"><strong>16)<\/strong> <strong>La Zucona<\/strong>. L&#8217;atto riporta una supplica e riguarda le parrocchie piacentine di <a target=\"_blank\" rel=\"nofollow\" href=\"http:\/\/www.accademiadeglizucconi.com\/?goto=http%3A%2F%2Fwww.piacenzantica.it%2Fpage.php%3F386\" ><span style=\"color: #0000ff;\"><strong>S. Maria di Borghetto<\/strong><\/span><\/a>, di <span style=\"color: #0000ff;\"><strong>S. Pietro in Solarolo<\/strong><\/span> e di <a target=\"_blank\" rel=\"nofollow\" href=\"http:\/\/www.accademiadeglizucconi.com\/?goto=https%3A%2F%2Fwww.tourer.it%2Fwebgis%2Fscheda%3Fex-chiesa-di-san-tommaso-piacenza\" ><span style=\"color: #0000ff;\"><strong>San Tommaso apostolo<\/strong><\/span><\/a> ed il soprannome si riferisce ad una dei firmatari, l&#8217;unica di cui non si legge il nome e cognome.<\/span><\/span><\/p>\n<blockquote>\n<p style=\"text-align: justify;\"><span style=\"color: #0000ff; font-family: Verdana;\"><span style=\"color: #000000;\">17 ott. <strong>1576<\/strong> Alcuni abitanti nelle vicinie di S. Maria di Borghetto e di S. Pietro in Solarolo convengono di sporgere supplica al vescovo al fine di essere posti sotto la cura d\u2019anime della chiesa di S. Tommaso apostolo&#8230;\/&#8230;Sottoscrivono la supplica&#8230;\/&#8230;Antonio Scotti fq Stefano e <strong>vedova di Giacomo Rossi detta \u00abla Zucona\u00bb<\/strong><\/span><\/span><\/p>\n<\/blockquote>\n<p style=\"text-align: justify;\"><span style=\"color: #0000ff; font-family: Verdana;\"><span style=\"color: #000000;\"><strong>1580<\/strong><\/span><\/span><\/p>\n<p style=\"text-align: justify;\"><span style=\"color: #0000ff; font-family: Verdana;\"><span style=\"color: #000000;\"><strong>17)<\/strong> <strong>Delli Zuchoni<\/strong>. In quest&#8217;atto si nomina una tenuta nei pressi di Campremoldo di Sopra (fraz. di Gragnano Trebbiense, PC), attualmente chiamata <a target=\"_blank\" rel=\"nofollow\" href=\"http:\/\/www.accademiadeglizucconi.com\/?goto=https%3A%2F%2Fwww.google.it%2Fmaps%2F%4044.9998961%2C9.5283933%2C472m%2Fdata%3D%213m1%211e3\" ><span style=\"color: #0000ff;\"><strong>Masarola<\/strong><\/span><\/a> (nell&#8217;atto Massaroda), e la famiglia investita d&#8217;enfiteusi degli Zamperoni, dei quali si specifica siano &#8220;delli Zuchoni&#8221;. Ancora non ho avuto modo di verificare se si tratti di una provenienza o di un soprannome collettivo attribuito alla famiglia Zamperoni, uso un tempo comune. Il cognome \u00e8 tuttora diffuso nel lodigiano ed in veneto (soprattutto nel trevigiano), non nel piacentino e quindi, se Zuchoni fosse un toponimo, potrebbe anche trovarsi al di fuori della provincia di Piacenza.<\/span><\/span><\/p>\n<blockquote>\n<p style=\"text-align: justify;\"><span style=\"color: #0000ff; font-family: Verdana;\"><span style=\"color: #000000;\">19 apr. <strong>1580<\/strong> (n. 2059) Giovanni Fasoli fq Agostino, anche a nome del monastero, cede in massaricio per anni 4 a far data dalla festa di san Martino prossima venire a Bartolomeo Zamperoni degli Zucconi e a suo figlio Giovanni Antonio, anche a nome di Lorenzo e di Giovanni Pietro, anch\u2019essi figli di detto Bartolomeo, la possessione del monastero detta della Massaroda e sita in Campremoldo di Sopra, gi\u00e0 tenuta da Cristoforo Calenzani detto Resta. In allegato: \u00abLista delli patti fatti et stabelliti tra il signor Gio. Faxolo per una parte et Bartholomeo Zamperoni delli Zuchoni per l\u2019altra parte sopra la possessione di Maserolda\u00bb.<\/span><\/span><\/p>\n<\/blockquote>\n<p style=\"text-align: justify;\"><span style=\"color: #0000ff; font-family: Verdana;\"><span style=\"color: #000000;\"><strong>1612<\/strong><\/span><\/span><\/p>\n<p style=\"text-align: justify;\"><span style=\"color: #0000ff; font-family: Verdana;\"><span style=\"color: #000000;\"><strong>18) Giovanni fu Pietro Zuchono<\/strong>. Viene citato tra i testimoni di un atto di vendita del 21 gennaio 1612, redatto dal notaio Comino Cravello, nel comune di <a target=\"_blank\" rel=\"nofollow\" href=\"http:\/\/www.accademiadeglizucconi.com\/?goto=https%3A%2F%2Fit.wikipedia.org%2Fwiki%2FMosso_%28Valdilana%29\" ><span style=\"color: #0000ff;\"><strong>Mosso<\/strong><\/span><\/a> (BI), come ricordato in &#8220;<a target=\"_blank\" rel=\"nofollow\" href=\"http:\/\/www.accademiadeglizucconi.com\/?goto=https%3A%2F%2Fwww.polobibliotecario.biella.it%2FsebinaBO%2Frepository%2Fcatalogazione%2Fimmagini%2FPDF%2F1953%252003%2520mag-giu%2520-3%2520parte%25202.pdf\" ><span style=\"color: #0000ff;\"><strong>Antiche famiglie biellesi &#8211; I Garbella da Mosso<\/strong><\/span><\/a>&#8220;.<\/span><\/span><\/p>\n<p style=\"text-align: justify;\"><span style=\"color: #0000ff; font-family: Verdana;\"><span style=\"color: #000000;\"><strong>1613<\/strong><\/span><\/span><\/p>\n<p style=\"text-align: justify;\"><span style=\"color: #0000ff; font-family: Verdana;\"><span style=\"color: #000000;\"><strong>19)<\/strong> <a target=\"_blank\" rel=\"nofollow\" href=\"http:\/\/www.accademiadeglizucconi.com\/?goto=http%3A%2F%2Fwww.geocities.ws%2Fesseci3%2Findex.htm\" ><span style=\"color: #0000ff;\"><strong>De Zuchonis<\/strong><\/span><\/a>. Varie famiglie sono presenti negli archivi anagrafici del comune di <a target=\"_blank\" rel=\"nofollow\" href=\"http:\/\/www.accademiadeglizucconi.com\/?goto=https%3A%2F%2Fit.wikipedia.org%2Fwiki%2FTigliole\" ><span style=\"color: #0000ff;\"><strong>Tigliole d&#8217;Asti (AT)<\/strong><\/span><\/a>, ora in provincia d&#8217;Asti ma in passato di Alessandria, a partire dal <strong>1613<\/strong> fino al <strong>1722<\/strong> e vengono registrate in varie forme: De Zucchonis, Zucconis, De Succhonis, Zuchena etc. Oggi il cognome non \u00e8 pi\u00f9 presente nemmeno nei dintorni, ma un nucleo abbastanza nutrito permane ad Alessandria ed a Tortona (AL).<\/span><\/span><\/p>\n<p style=\"text-align: justify;\"><span style=\"color: #0000ff; font-family: Verdana;\"><span style=\"color: #000000;\"><strong>1616<\/strong><\/span><\/span><\/p>\n<p style=\"text-align: justify;\"><span style=\"color: #0000ff; font-family: Verdana;\"><span style=\"color: #000000;\"><strong>20)<\/strong> <strong>Francesco Zucconi<\/strong>. In &#8220;<a target=\"_blank\" rel=\"nofollow\" href=\"http:\/\/www.accademiadeglizucconi.com\/?goto=https%3A%2F%2Fwww.academia.edu%2F38923991%2FNotai_per_S._Sisto._I_Lunini_1571-1630_._Inventario_analitico_delle_imbreviature_conservate_nel_fondo_Notarile_dellArchivio_di_Stato_di_Piacenza_2015\" ><span style=\"color: #0000ff;\"><strong>Notai per S. Sisto \/ I Lunini (1571-1630) \/ Inventario analitico delle imbreviature conservate nel fondo Notarile dell&#8217;Archivio di Stato di Piacenza<\/strong><\/span><\/a>&#8220;,<span style=\"color: #000000; font-family: Verdana;\"> a cura di Luca Ceriotti, Deputazione di Storia Patria per le Province Parmensi &#8211; 2015, si citano questo ed il successivo atto. <a target=\"_blank\" rel=\"nofollow\" href=\"http:\/\/www.accademiadeglizucconi.com\/?goto=https%3A%2F%2Fwww.google.it%2Fmaps%2F%4045.0814445%2C9.5453792%2C237m%2Fdata%3D%213m1%211e3%3Fhl%3Dit\" ><span style=\"color: #0000ff;\"><strong>Veratto Arcelli<\/strong> <\/span><\/a>corrisponde ad una tenuta in riva al Po, nei pressi di Sant&#8217;Imento, frazione di Sarmato (PC).<\/span><\/span><\/span><\/p>\n<blockquote>\n<p style=\"text-align: justify;\"><span style=\"color: #0000ff; font-family: Verdana;\"><span style=\"color: #000000;\">28 giu. <strong>1616<\/strong> Francesco Zucconi fq Bartolomeo, alla presenza del monaco Onorato da Piacenza quale procuratore del monastero, dichiara di avere separato in data 23 giugno 1616 pertiche 30 di terra arativa e piantumata da un appezzamento di maggiore ampiezza sito in Veratto Arcelli e di averla pignorata su istanza del monastero agli eredi del nob. Bonifacio Arcelli per un controvalore di lire 450 imperiali.<\/span><\/span><\/p>\n<\/blockquote>\n<p style=\"text-align: justify;\"><span style=\"color: #0000ff; font-family: Verdana;\"><span style=\"color: #000000;\"><strong>1621<\/strong><\/span><\/span><\/p>\n<p style=\"text-align: justify;\"><span style=\"color: #0000ff; font-family: Verdana;\"><span style=\"color: #000000;\"><strong>21)<\/strong> <strong>Bernardino Zucconi<\/strong>.<\/span><\/span><\/p>\n<blockquote>\n<p style=\"text-align: justify;\"><span style=\"color: #0000ff; font-family: Verdana;\"><span style=\"color: #000000;\">14 feb. <strong>1621<\/strong> Il cellerario Placido rimette a Bernardino Zucconi f Giovanni Stefano, inquilinus del monastero in localit\u00e0 Casa Rossa, tutti i contenuti di una denuncia sporta presso l\u2019uditore criminale di Piacenza.<\/span><\/span><\/p>\n<\/blockquote>\n<p style=\"text-align: justify;\"><span style=\"color: #0000ff; font-family: Verdana;\"><span style=\"color: #000000;\"><strong>1670<\/strong><\/span><\/span><\/p>\n<p style=\"text-align: justify;\"><span style=\"color: #0000ff; font-family: Verdana;\"><span style=\"color: #000000;\"><strong>22)<\/strong> <strong>Zuchoni<\/strong>. Da un sito sulle <a target=\"_blank\" rel=\"nofollow\" href=\"http:\/\/www.accademiadeglizucconi.com\/?goto=http%3A%2F%2Ftriestestoria.altervista.org%2Ffamiglie%2Fz.html\" ><span style=\"color: #0000ff;\"><strong>famiglie tergestine<\/strong><\/span><\/a> si apprende che un Andrea nel <strong>1670<\/strong> abita a <strong>Trieste<\/strong>, nel 1713 \u00e8 rettore degli scolari al collegio dei Gesuiti, attorno al 1750 due della famiglia vengono ammessi al Consiglio cittadino e nel 1775 sono ancora citati. Il cognome \u00e8 tutt&#8217;ora presente.<\/span><\/span><\/p>\n<p style=\"text-align: justify;\"><span style=\"color: #0000ff; font-family: Verdana;\"><span style=\"color: #000000;\"><strong>1737<\/strong><\/span><\/span><\/p>\n<p style=\"text-align: justify;\"><span style=\"color: #0000ff; font-family: Verdana;\"><span style=\"color: #000000;\"><strong>23) Zuchoni. 1737<\/strong>. <a target=\"_blank\" rel=\"nofollow\" href=\"http:\/\/www.accademiadeglizucconi.com\/?goto=https%3A%2F%2Fit.wikipedia.org%2Fwiki%2FBanato_di_Timi%25C8%2599oara\" ><span style=\"color: #0000ff;\"><strong>Banato di Timisoara<\/strong><\/span><\/a>, <a target=\"_blank\" rel=\"nofollow\" href=\"http:\/\/www.accademiadeglizucconi.com\/?goto=http%3A%2F%2Fwww.fundacionoguera.com%2Flibros%2FEXILI%2520AUSTRIACISTA%2520II.pdf\" ><span style=\"color: #0000ff;\"><strong>carte<\/strong><\/span><\/a><span style=\"color: #0000ff;\"><span style=\"color: #000000;\"> del 1700<\/span><strong>.<\/strong><\/span><\/span><\/span><\/p>\n","protected":false},"excerpt":{"rendered":"<p>EVO MODERNO Un passato. 1490-1566 1) Una o pi\u00f9 famiglie sono presenti nell&#8217;albinese (Albino BG), pi\u00f9 precisamente in localit\u00e0 Fanti di Cene (BG), tra il 1490 ed il 1566, come viene segnalato nel sito di Giampiero Tiraboschi sulle &#8220;Enciclopedia delle famiglie lombarde&#8221; (le sigle sono abbreviazioni dei nomi dei notai nei cui atti si trovano<a href=\"https:\/\/www.accademiadeglizucconi.com\/?page_id=2575\" class=\"more-link\">Continue reading <span class=\"screen-reader-text\">EVO MODERNO<\/span><\/a><\/p>\n","protected":false},"author":1,"featured_media":0,"parent":0,"menu_order":0,"comment_status":"closed","ping_status":"closed","template":"","meta":{"ngg_post_thumbnail":0,"footnotes":""},"_links":{"self":[{"href":"https:\/\/www.accademiadeglizucconi.com\/index.php?rest_route=\/wp\/v2\/pages\/2575"}],"collection":[{"href":"https:\/\/www.accademiadeglizucconi.com\/index.php?rest_route=\/wp\/v2\/pages"}],"about":[{"href":"https:\/\/www.accademiadeglizucconi.com\/index.php?rest_route=\/wp\/v2\/types\/page"}],"author":[{"embeddable":true,"href":"https:\/\/www.accademiadeglizucconi.com\/index.php?rest_route=\/wp\/v2\/users\/1"}],"replies":[{"embeddable":true,"href":"https:\/\/www.accademiadeglizucconi.com\/index.php?rest_route=%2Fwp%2Fv2%2Fcomments&post=2575"}],"version-history":[{"count":19,"href":"https:\/\/www.accademiadeglizucconi.com\/index.php?rest_route=\/wp\/v2\/pages\/2575\/revisions"}],"predecessor-version":[{"id":3415,"href":"https:\/\/www.accademiadeglizucconi.com\/index.php?rest_route=\/wp\/v2\/pages\/2575\/revisions\/3415"}],"wp:attachment":[{"href":"https:\/\/www.accademiadeglizucconi.com\/index.php?rest_route=%2Fwp%2Fv2%2Fmedia&parent=2575"}],"curies":[{"name":"wp","href":"https:\/\/api.w.org\/{rel}","templated":true}]}}